{"id":7341,"date":"2023-04-13T09:47:41","date_gmt":"2023-04-13T07:47:41","guid":{"rendered":"https:\/\/www.hotelburgevin.fr\/habitaciones\/habitacion-estandar\/"},"modified":"2023-06-30T14:00:23","modified_gmt":"2023-06-30T12:00:23","slug":"habitacion-estandar","status":"publish","type":"page","link":"https:\/\/www.hotelburgevin.fr\/es\/nuestras-habitaciones\/habitacion-estandar\/","title":{"rendered":"Habitaci\u00f3n est\u00e1ndar"},"content":{"rendered":"\t\t<div data-elementor-type=\"wp-page\" data-elementor-id=\"7341\" class=\"elementor elementor-7341 elementor-687\" data-elementor-post-type=\"page\">\n\t\t\t\t<div class=\"elementor-element elementor-element-6331cdd e-flex e-con-boxed e-con e-parent\" data-id=\"6331cdd\" data-element_type=\"container\" data-settings=\"{&quot;background_background&quot;:&quot;classic&quot;,&quot;background_motion_fx_motion_fx_mouse&quot;:&quot;yes&quot;,&quot;background_motion_fx_mouseTrack_effect&quot;:&quot;yes&quot;,&quot;background_motion_fx_mouseTrack_speed&quot;:{&quot;unit&quot;:&quot;px&quot;,&quot;size&quot;:1,&quot;sizes&quot;:[]}}\">\n\t\t\t\t\t<div class=\"e-con-inner\">\n\t\t\t\t<div class=\"elementor-element elementor-element-a88148d elementor-widget elementor-widget-heading\" data-id=\"a88148d\" data-element_type=\"widget\" data-widget_type=\"heading.default\">\n\t\t\t\t<div class=\"elementor-widget-container\">\n\t\t\t\t\t<h1 class=\"elementor-heading-title elementor-size-default\">Habitaci\u00f3n est\u00e1ndar<\/h1>\t\t\t\t<\/div>\n\t\t\t\t<\/div>\n\t\t\t\t\t<\/div>\n\t\t\t\t<\/div>\n\t\t<div class=\"elementor-element elementor-element-f0872bb e-con-full e-flex e-con e-parent\" data-id=\"f0872bb\" data-element_type=\"container\">\n\t\t<div class=\"elementor-element elementor-element-d72e652 e-con-full e-flex e-con e-parent\" data-id=\"d72e652\" data-element_type=\"container\" data-settings=\"{&quot;background_background&quot;:&quot;classic&quot;}\">\n\t\t<div class=\"elementor-element elementor-element-c2cae1b e-flex e-con-boxed e-con e-parent\" data-id=\"c2cae1b\" data-element_type=\"container\">\n\t\t\t\t\t<div class=\"e-con-inner\">\n\t\t\t\t<div class=\"elementor-element elementor-element-d0efdbf elementor-widget__width-initial elementor-widget elementor-widget-image\" data-id=\"d0efdbf\" data-element_type=\"widget\" data-widget_type=\"image.default\">\n\t\t\t\t<div class=\"elementor-widget-container\">\n\t\t\t\t\t\t\t\t\t\t\t\t\t\t\t<img fetchpriority=\"high\" decoding=\"async\" width=\"256\" height=\"256\" src=\"https:\/\/www.hotelburgevin.fr\/wp-content\/uploads\/2023\/04\/burgevin.png\" class=\"attachment-large size-large wp-image-6698\" alt=\"\" srcset=\"https:\/\/www.hotelburgevin.fr\/wp-content\/uploads\/2023\/04\/burgevin.png 256w, https:\/\/www.hotelburgevin.fr\/wp-content\/uploads\/2023\/04\/burgevin-150x150.png 150w\" sizes=\"(max-width: 256px) 100vw, 256px\" \/>\t\t\t\t\t\t\t\t\t\t\t\t\t\t\t<\/div>\n\t\t\t\t<\/div>\n\t\t<div class=\"elementor-element elementor-element-6ccdc8f e-flex e-con-boxed e-con e-parent\" data-id=\"6ccdc8f\" data-element_type=\"container\">\n\t\t\t\t\t<div class=\"e-con-inner\">\n\t\t\t\t<div class=\"elementor-element elementor-element-4b352fe elementor-widget elementor-widget-heading\" data-id=\"4b352fe\" data-element_type=\"widget\" data-widget_type=\"heading.default\">\n\t\t\t\t<div class=\"elementor-widget-container\">\n\t\t\t\t\t<span class=\"elementor-heading-title elementor-size-default\">desde<\/span>\t\t\t\t<\/div>\n\t\t\t\t<\/div>\n\t\t\t\t<div class=\"elementor-element elementor-element-b24c372 elementor-widget elementor-widget-heading\" data-id=\"b24c372\" data-element_type=\"widget\" data-widget_type=\"heading.default\">\n\t\t\t\t<div class=\"elementor-widget-container\">\n\t\t\t\t\t<span class=\"elementor-heading-title elementor-size-default\">110\u20ac<\/span>\t\t\t\t<\/div>\n\t\t\t\t<\/div>\n\t\t\t\t<div class=\"elementor-element elementor-element-97b156d elementor-align-center elementor-widget elementor-widget-button\" data-id=\"97b156d\" data-element_type=\"widget\" data-widget_type=\"button.default\">\n\t\t\t\t<div class=\"elementor-widget-container\">\n\t\t\t\t\t\t\t\t\t<div class=\"elementor-button-wrapper\">\n\t\t\t\t\t<a class=\"elementor-button elementor-button-link elementor-size-sm\" href=\"https:\/\/hotel.reservit.com\/reservit\/reserhotel.php?hotelid=3408&#038;lang=ES\">\n\t\t\t\t\t\t<span class=\"elementor-button-content-wrapper\">\n\t\t\t\t\t\t\t\t\t<span class=\"elementor-button-text\">Reserva<\/span>\n\t\t\t\t\t<\/span>\n\t\t\t\t\t<\/a>\n\t\t\t\t<\/div>\n\t\t\t\t\t\t\t\t<\/div>\n\t\t\t\t<\/div>\n\t\t\t\t\t<\/div>\n\t\t\t\t<\/div>\n\t\t\t\t\t<\/div>\n\t\t\t\t<\/div>\n\t\t\t\t<\/div>\n\t\t<div class=\"elementor-element elementor-element-c41da3c e-con-full e-flex e-con e-parent\" data-id=\"c41da3c\" data-element_type=\"container\" data-settings=\"{&quot;background_background&quot;:&quot;classic&quot;}\">\n\t\t<div class=\"elementor-element elementor-element-075b74a e-flex e-con-boxed e-con e-parent\" data-id=\"075b74a\" data-element_type=\"container\">\n\t\t\t\t\t<div class=\"e-con-inner\">\n\t\t\t\t<div class=\"elementor-element elementor-element-a6bdd2c elementor-widget elementor-widget-heading\" data-id=\"a6bdd2c\" data-element_type=\"widget\" data-widget_type=\"heading.default\">\n\t\t\t\t<div class=\"elementor-widget-container\">\n\t\t\t\t\t<h2 class=\"elementor-heading-title elementor-size-default\">Instalaciones de la habitaci\u00f3n<\/h2>\t\t\t\t<\/div>\n\t\t\t\t<\/div>\n\t\t\t\t<div class=\"elementor-element elementor-element-e1486e8 elementor-widget elementor-widget-text-editor\" data-id=\"e1486e8\" data-element_type=\"widget\" data-widget_type=\"text-editor.default\">\n\t\t\t\t<div class=\"elementor-widget-container\">\n\t\t\t\t\t\t\t\t\t<p>Con un tama\u00f1o aproximado de entre 18 y 20 m\u00b2, las habitaciones est\u00e1ndar cuentan con TV de pantalla plana, minibar, caja fuerte y armario vestidor para guardar todas tus pertenencias. Tambi\u00e9n hay una mesa de trabajo donde podr\u00e1s utilizar la conexi\u00f3n Wi-Fi de fibra \u00f3ptica gratuita para navegar por Internet, y una bandeja de cortes\u00eda para un descanso relajante.<\/p>\t\t\t\t\t\t\t\t<\/div>\n\t\t\t\t<\/div>\n\t\t\t\t\t<\/div>\n\t\t\t\t<\/div>\n\t\t<div class=\"elementor-element elementor-element-705d0c6 e-flex e-con-boxed e-con e-parent\" data-id=\"705d0c6\" data-element_type=\"container\">\n\t\t\t\t\t<div class=\"e-con-inner\">\n\t\t\t\t<div class=\"elementor-element elementor-element-9511de0 elementor-widget elementor-widget-heading\" data-id=\"9511de0\" data-element_type=\"widget\" data-widget_type=\"heading.default\">\n\t\t\t\t<div class=\"elementor-widget-container\">\n\t\t\t\t\t<h2 class=\"elementor-heading-title elementor-size-default\">Confort y espacio<\/h2>\t\t\t\t<\/div>\n\t\t\t\t<\/div>\n\t\t\t\t<div class=\"elementor-element elementor-element-358345a elementor-widget elementor-widget-text-editor\" data-id=\"358345a\" data-element_type=\"widget\" data-widget_type=\"text-editor.default\">\n\t\t\t\t<div class=\"elementor-widget-container\">\n\t\t\t\t\t\t\t\t\t<p>Las habitaciones est\u00e1ndar est\u00e1n equipadas con ropa de cama tama\u00f1o queen (160 x 200 cm), para garantizar la comodidad de los viajeros. El cuarto de ba\u00f1o privado dispone de ducha a ras de suelo, lavabo e inodoro, y est\u00e1 equipado con art\u00edculos de tocador, secador de pelo y, para reducir los residuos, dispensadores de gel\/ducha\/champ\u00fa.<\/p>\n\t\t\t\t\t\t\t\t<\/div>\n\t\t\t\t<\/div>\n\t\t\t\t\t<\/div>\n\t\t\t\t<\/div>\n\t\t\t\t<\/div>\n\t\t\t\t<\/div>\n\t\t<div class=\"elementor-element elementor-element-23147cb e-flex e-con-boxed e-con e-parent\" data-id=\"23147cb\" data-element_type=\"container\">\n\t\t\t\t\t<div class=\"e-con-inner\">\n\t\t\t\t<div class=\"elementor-element elementor-element-555b171 elementor-widget elementor-widget-heading\" data-id=\"555b171\" data-element_type=\"widget\" data-widget_type=\"heading.default\">\n\t\t\t\t<div class=\"elementor-widget-container\">\n\t\t\t\t\t<h2 class=\"elementor-heading-title elementor-size-default\">M\u00e1s habitaciones<\/h2>\t\t\t\t<\/div>\n\t\t\t\t<\/div>\n\t\t\t\t\t<\/div>\n\t\t\t\t<\/div>\n\t\t<div class=\"elementor-element elementor-element-653788d e-flex e-con-boxed e-con e-parent\" data-id=\"653788d\" data-element_type=\"container\">\n\t\t\t\t\t<div class=\"e-con-inner\">\n\t\t<div class=\"elementor-element elementor-element-b5458bf e-con-full e-flex e-con e-parent\" data-id=\"b5458bf\" data-element_type=\"container\">\n\t\t\t\t<div class=\"elementor-element elementor-element-ce12a67 elementor-cta--skin-cover elementor-cta--valign-bottom elementor-animated-content elementor-bg-transform elementor-bg-transform-zoom-in elementor-widget elementor-widget-call-to-action\" data-id=\"ce12a67\" data-element_type=\"widget\" data-widget_type=\"call-to-action.default\">\n\t\t\t\t<div class=\"elementor-widget-container\">\n\t\t\t\t\t\t\t<a class=\"elementor-cta\" href=\"\/es\/nuestras-habitaciones\/habitacion-superior\/\">\n\t\t\t\t\t<div class=\"elementor-cta__bg-wrapper\">\n\t\t\t\t<div class=\"elementor-cta__bg elementor-bg\" style=\"background-image: url(https:\/\/www.hotelburgevin.fr\/wp-content\/uploads\/2023\/04\/chambre-superieure.jpg);\" role=\"img\" aria-label=\"chambre-superieure\"><\/div>\n\t\t\t\t<div class=\"elementor-cta__bg-overlay\"><\/div>\n\t\t\t<\/div>\n\t\t\t\t\t\t\t<div class=\"elementor-cta__content\">\n\t\t\t\t\n\t\t\t\t\t\t\t\t\t<h2 class=\"elementor-cta__title elementor-cta__content-item elementor-content-item elementor-animated-item--grow\">\n\t\t\t\t\t\tHabitaci\u00f3n Superior\t\t\t\t\t<\/h2>\n\t\t\t\t\n\t\t\t\t\n\t\t\t\t\t\t\t<\/div>\n\t\t\t\t\t\t<\/a>\n\t\t\t\t\t\t<\/div>\n\t\t\t\t<\/div>\n\t\t\t\t<\/div>\n\t\t<div class=\"elementor-element elementor-element-74092dd e-con-full e-flex e-con e-parent\" data-id=\"74092dd\" data-element_type=\"container\">\n\t\t\t\t<div class=\"elementor-element elementor-element-55ecef0 elementor-cta--skin-cover elementor-cta--valign-bottom elementor-animated-content elementor-bg-transform elementor-bg-transform-zoom-in elementor-widget elementor-widget-call-to-action\" data-id=\"55ecef0\" data-element_type=\"widget\" data-widget_type=\"call-to-action.default\">\n\t\t\t\t<div class=\"elementor-widget-container\">\n\t\t\t\t\t\t\t<a class=\"elementor-cta\" href=\"\/es\/nuestras-habitaciones\/habitacion-superior-plus\/\">\n\t\t\t\t\t<div class=\"elementor-cta__bg-wrapper\">\n\t\t\t\t<div class=\"elementor-cta__bg elementor-bg\" style=\"background-image: url(https:\/\/www.hotelburgevin.fr\/wp-content\/uploads\/2023\/04\/chambre-superieure-plus.jpg);\" role=\"img\" aria-label=\"chambre-superieure-plus\"><\/div>\n\t\t\t\t<div class=\"elementor-cta__bg-overlay\"><\/div>\n\t\t\t<\/div>\n\t\t\t\t\t\t\t<div class=\"elementor-cta__content\">\n\t\t\t\t\n\t\t\t\t\t\t\t\t\t<h2 class=\"elementor-cta__title elementor-cta__content-item elementor-content-item elementor-animated-item--grow\">\n\t\t\t\t\t\tHabitaci\u00f3n Superior Plus\t\t\t\t\t<\/h2>\n\t\t\t\t\n\t\t\t\t\n\t\t\t\t\t\t\t<\/div>\n\t\t\t\t\t\t<\/a>\n\t\t\t\t\t\t<\/div>\n\t\t\t\t<\/div>\n\t\t\t\t<\/div>\n\t\t<div class=\"elementor-element elementor-element-fb0b487 e-con-full e-flex e-con e-parent\" data-id=\"fb0b487\" data-element_type=\"container\">\n\t\t\t\t<div class=\"elementor-element elementor-element-b047e74 elementor-cta--skin-cover elementor-cta--valign-bottom elementor-animated-content elementor-bg-transform elementor-bg-transform-zoom-in elementor-widget elementor-widget-call-to-action\" data-id=\"b047e74\" data-element_type=\"widget\" data-widget_type=\"call-to-action.default\">\n\t\t\t\t<div class=\"elementor-widget-container\">\n\t\t\t\t\t\t\t<a class=\"elementor-cta\" href=\"\/es\/nuestras-habitaciones\/la-suite-junior\/\">\n\t\t\t\t\t<div class=\"elementor-cta__bg-wrapper\">\n\t\t\t\t<div class=\"elementor-cta__bg elementor-bg\" style=\"background-image: url(https:\/\/www.hotelburgevin.fr\/wp-content\/uploads\/2023\/04\/junior-suite.jpg);\" role=\"img\" aria-label=\"junior-suite\"><\/div>\n\t\t\t\t<div class=\"elementor-cta__bg-overlay\"><\/div>\n\t\t\t<\/div>\n\t\t\t\t\t\t\t<div class=\"elementor-cta__content\">\n\t\t\t\t\n\t\t\t\t\t\t\t\t\t<h2 class=\"elementor-cta__title elementor-cta__content-item elementor-content-item elementor-animated-item--grow\">\n\t\t\t\t\t\tJunior Suite\t\t\t\t\t<\/h2>\n\t\t\t\t\n\t\t\t\t\n\t\t\t\t\t\t\t<\/div>\n\t\t\t\t\t\t<\/a>\n\t\t\t\t\t\t<\/div>\n\t\t\t\t<\/div>\n\t\t\t\t<\/div>\n\t\t\t\t\t<\/div>\n\t\t\t\t<\/div>\n\t\t\t\t<\/div>\n\t\t","protected":false},"excerpt":{"rendered":"<p>Habitaci\u00f3n est\u00e1ndar desde 110\u20ac Reserva Instalaciones de la habitaci\u00f3n Con un tama\u00f1o aproximado de entre 18 y 20 m\u00b2, las habitaciones est\u00e1ndar cuentan con TV de pantalla plana, minibar, caja fuerte y armario vestidor para guardar todas tus pertenencias. Tambi\u00e9n hay una mesa de trabajo donde podr\u00e1s utilizar la conexi\u00f3n Wi-Fi de fibra \u00f3ptica gratuita [&hellip;]<\/p>\n","protected":false},"author":1,"featured_media":0,"parent":7339,"menu_order":0,"comment_status":"closed","ping_status":"closed","template":"elementor_header_footer","meta":{"_seopress_robots_primary_cat":"","_seopress_titles_title":"","_seopress_titles_desc":"","_seopress_robots_index":"","footnotes":""},"class_list":["post-7341","page","type-page","status-publish","hentry"],"_links":{"self":[{"href":"https:\/\/www.hotelburgevin.fr\/es\/wp-json\/wp\/v2\/pages\/7341","targetHints":{"allow":["GET"]}}],"collection":[{"href":"https:\/\/www.hotelburgevin.fr\/es\/wp-json\/wp\/v2\/pages"}],"about":[{"href":"https:\/\/www.hotelburgevin.fr\/es\/wp-json\/wp\/v2\/types\/page"}],"author":[{"embeddable":true,"href":"https:\/\/www.hotelburgevin.fr\/es\/wp-json\/wp\/v2\/users\/1"}],"replies":[{"embeddable":true,"href":"https:\/\/www.hotelburgevin.fr\/es\/wp-json\/wp\/v2\/comments?post=7341"}],"version-history":[{"count":9,"href":"https:\/\/www.hotelburgevin.fr\/es\/wp-json\/wp\/v2\/pages\/7341\/revisions"}],"predecessor-version":[{"id":8423,"href":"https:\/\/www.hotelburgevin.fr\/es\/wp-json\/wp\/v2\/pages\/7341\/revisions\/8423"}],"up":[{"embeddable":true,"href":"https:\/\/www.hotelburgevin.fr\/es\/wp-json\/wp\/v2\/pages\/7339"}],"wp:attachment":[{"href":"https:\/\/www.hotelburgevin.fr\/es\/wp-json\/wp\/v2\/media?parent=7341"}],"curies":[{"name":"wp","href":"https:\/\/api.w.org\/{rel}","templated":true}]}}